{"id":890,"date":"2023-10-18T22:50:38","date_gmt":"2023-10-18T19:50:38","guid":{"rendered":"https:\/\/fmr.arteiasi.ro\/?page_id=890"},"modified":"2023-10-18T23:00:33","modified_gmt":"2023-10-18T20:00:33","slug":"luni-23-octombrie-ora-11","status":"publish","type":"page","link":"https:\/\/fmr.arteiasi.ro\/?page_id=890","title":{"rendered":"Luni, 23 octombrie, ora 11. Atelier de interpretare vocal\u0103"},"content":{"rendered":"\n<figure class=\"wp-block-image size-large\"><a href=\"https:\/\/fmr.arteiasi.ro\/wp-content\/uploads\/2023\/10\/FMR-2023-Afis_23.10-11_Atelier-de-interpretare-vocala_C-scaled.jpg\"><img loading=\"lazy\" decoding=\"async\" width=\"724\" height=\"1024\" src=\"https:\/\/fmr.arteiasi.ro\/wp-content\/uploads\/2023\/10\/FMR-2023-Afis_23.10-11_Atelier-de-interpretare-vocala_C-724x1024.jpg\" alt=\"\" class=\"wp-image-891\" srcset=\"https:\/\/fmr.arteiasi.ro\/wp-content\/uploads\/2023\/10\/FMR-2023-Afis_23.10-11_Atelier-de-interpretare-vocala_C-724x1024.jpg 724w, https:\/\/fmr.arteiasi.ro\/wp-content\/uploads\/2023\/10\/FMR-2023-Afis_23.10-11_Atelier-de-interpretare-vocala_C-212x300.jpg 212w, https:\/\/fmr.arteiasi.ro\/wp-content\/uploads\/2023\/10\/FMR-2023-Afis_23.10-11_Atelier-de-interpretare-vocala_C-768x1086.jpg 768w, https:\/\/fmr.arteiasi.ro\/wp-content\/uploads\/2023\/10\/FMR-2023-Afis_23.10-11_Atelier-de-interpretare-vocala_C-1086x1536.jpg 1086w, https:\/\/fmr.arteiasi.ro\/wp-content\/uploads\/2023\/10\/FMR-2023-Afis_23.10-11_Atelier-de-interpretare-vocala_C-1448x2048.jpg 1448w, https:\/\/fmr.arteiasi.ro\/wp-content\/uploads\/2023\/10\/FMR-2023-Afis_23.10-11_Atelier-de-interpretare-vocala_C-scaled.jpg 1810w\" sizes=\"auto, (max-width: 724px) 100vw, 724px\" \/><\/a><\/figure>\n\n\n\n<p class=\"has-large-font-size\"><strong><em>Atelier de interpretare vocal\u0103<\/em><\/strong><\/p>\n\n\n\n<p><strong>MIHAELA G\u00c2RLEA &amp; clasa de Canto Jazz \u0219i Muzic\u0103 U\u0219oar\u0103&nbsp;<\/strong>a Facult\u0103\u021bii de Interpretare, Compozi\u021bie \u0219i Studii Muzicale Teoretice<\/p>\n\n\n\n<p class=\"has-small-font-size\"><strong>Interpre\u021bi soli\u0219ti:<\/strong><\/p>\n\n\n\n<p class=\"has-small-font-size\"><strong>DIANA MARIA ROGOJIN\u0102<\/strong><strong>, anul III, Compozi\u021bie<\/strong><\/p>\n\n\n\n<p class=\"has-small-font-size\"><strong>LAURA MOGOREAN<\/strong><strong>, anul III, Compozi\u021bie<\/strong><\/p>\n\n\n\n<p class=\"has-small-font-size\"><strong>ANDREEA S\u0102L\u0102V\u0102STRU<\/strong><strong>, anul II, Compozi\u021bie<\/strong><\/p>\n\n\n\n<p class=\"has-small-font-size\"><strong>SOFIA ANDRONIC<\/strong><strong>, anul I, Compozi\u021bie<\/strong><\/p>\n\n\n\n<p class=\"has-small-font-size\"><strong>MIRIAM IOANA OBAD\u0102<\/strong><strong>, anul III, Muzicologie<\/strong><\/p>\n\n\n\n<p class=\"has-small-font-size\"><strong>ADILIA CHIRIAC<\/strong><strong>, anul I, Compozi\u021bie<\/strong><\/p>\n\n\n\n<p class=\"has-small-font-size\"><strong>\u0218TEFANIA GOSAV<\/strong><strong>, anul II, Compozi\u021bie<\/strong><\/p>\n\n\n\n<p class=\"has-small-font-size\"><strong>CRISTIAN VR\u0102JITORU<\/strong><strong>, anul III, Compozi\u021bie<\/strong><\/p>\n\n\n\n<p class=\"has-small-font-size\"><strong>Lect. univ. dr.&nbsp;<\/strong><strong>MIHAELA G\u00c2RLEA<\/strong><\/p>\n\n\n\n<p class=\"has-small-font-size\"><strong>Pian:&nbsp;<\/strong><\/p>\n\n\n\n<p class=\"has-small-font-size\"><strong>Lect. univ. dr.&nbsp;<\/strong><strong>PAUL PINTILIE&nbsp;<\/strong><\/p>\n\n\n\n<p class=\"has-small-font-size\"><strong>DANIEL BALAN<\/strong><strong>, anul III, Compozi\u021bie&nbsp;<\/strong><\/p>\n\n\n\n<p class=\"has-small-font-size\"><strong>Chitar\u0103:<\/strong><\/p>\n\n\n\n<p class=\"has-small-font-size\"><strong>TUDOR ST\u0102NESCU<\/strong><\/p>\n\n\n\n<p class=\"has-small-font-size\"><strong>\u00cen program:&nbsp;<\/strong>lucr\u0103ri de pe albumul<strong><em>The Best Of Pop Music<\/em><\/strong><strong>,&nbsp;<\/strong>con\u021bin\u00e2nd piese compuse de<strong>&nbsp;Sabin P\u0103utza.<\/strong><\/p>\n","protected":false},"excerpt":{"rendered":"<p>Atelier de interpretare vocal\u0103 MIHAELA G\u00c2RLEA &amp; clasa de Canto Jazz \u0219i Muzic\u0103 U\u0219oar\u0103&nbsp;a Facult\u0103\u021bii de Interpretare, Compozi\u021bie \u0219i Studii Muzicale Teoretice Interpre\u021bi soli\u0219ti: DIANA MARIA ROGOJIN\u0102, anul III, Compozi\u021bie LAURA MOGOREAN, anul III, Compozi\u021bie ANDREEA S\u0102L\u0102V\u0102STRU, anul II, Compozi\u021bie SOFIA ANDRONIC, anul I, Compozi\u021bie MIRIAM IOANA OBAD\u0102, anul III, Muzicologie ADILIA CHIRIAC, anul I, [&hellip;]<\/p>\n","protected":false},"author":3,"featured_media":0,"parent":0,"menu_order":0,"comment_status":"closed","ping_status":"closed","template":"","meta":{"footnotes":""},"class_list":["post-890","page","type-page","status-publish","hentry"],"_links":{"self":[{"href":"https:\/\/fmr.arteiasi.ro\/index.php?rest_route=\/wp\/v2\/pages\/890","targetHints":{"allow":["GET"]}}],"collection":[{"href":"https:\/\/fmr.arteiasi.ro\/index.php?rest_route=\/wp\/v2\/pages"}],"about":[{"href":"https:\/\/fmr.arteiasi.ro\/index.php?rest_route=\/wp\/v2\/types\/page"}],"author":[{"embeddable":true,"href":"https:\/\/fmr.arteiasi.ro\/index.php?rest_route=\/wp\/v2\/users\/3"}],"replies":[{"embeddable":true,"href":"https:\/\/fmr.arteiasi.ro\/index.php?rest_route=%2Fwp%2Fv2%2Fcomments&post=890"}],"version-history":[{"count":2,"href":"https:\/\/fmr.arteiasi.ro\/index.php?rest_route=\/wp\/v2\/pages\/890\/revisions"}],"predecessor-version":[{"id":913,"href":"https:\/\/fmr.arteiasi.ro\/index.php?rest_route=\/wp\/v2\/pages\/890\/revisions\/913"}],"wp:attachment":[{"href":"https:\/\/fmr.arteiasi.ro\/index.php?rest_route=%2Fwp%2Fv2%2Fmedia&parent=890"}],"curies":[{"name":"wp","href":"https:\/\/api.w.org\/{rel}","templated":true}]}}