{"id":735,"date":"2022-10-14T00:13:20","date_gmt":"2022-10-13T21:13:20","guid":{"rendered":"https:\/\/fmr.arteiasi.ro\/?page_id=735"},"modified":"2022-10-14T00:13:20","modified_gmt":"2022-10-13T21:13:20","slug":"despre-fmr-2022-sectiunea-academica","status":"publish","type":"page","link":"https:\/\/fmr.arteiasi.ro\/?page_id=735","title":{"rendered":"Despre FMR 2022 &#8211; Sec\u021biunea academic\u0103"},"content":{"rendered":"\n<p>\u00cen cadrul Festivalului Muzicii Rom\u00e2ne\u0219ti, ajuns la cea de-a XXIV-a edi\u021bie, Universitatea Na\u021bional\u0103 de Arte \u201eGeorge Enescu\u201d propune o serie de manifest\u0103ri artistice a c\u0103ror diversitate contureaz\u0103 un evantai cultural deosebit de ofertant \u0219i captivant pentru publicul ie\u0219ean. Festivalul Muzicii Rom\u00e2ne\u0219ti \u2013 Sec\u021biunea Academic\u0103 este organizat \u00een perioada 15\u201320 octombrie 2022, \u00een parteneriat cu Prim\u0103ria Municipiului Ia\u0219i, publicul beneficiind de intrare liber\u0103 la toate evenimentele.<\/p>\n\n\n\n<p>\u00cen cadrul prezentei edi\u021bii, publicul poate audia mai multe lucr\u0103ri din repertoriul muzicii contemporane, interpretate de ansambluri instrumentale specializate pe acest tip de repertoriu, av\u00e2nd \u0219ansa de a descoperi cele mai noi crea\u021bii ale genera\u021biilor actuale de compozitori. Energia, efortul \u0219i dedicarea organizatorilor au determinat o mobilizare general\u0103 a muzicienilor din spa\u021biul academic ie\u0219ean, \u00eensufle\u021bind \u00eenceputul noului an universitar cu bucuria de a duce mai departe tradi\u021bia acestui festival.<\/p>\n\n\n\n<p>Fie c\u0103 este vorba de concert simfonic, cameral sau de jazz, spectacol de oper\u0103 sau recital vocal-instrumental, lansare de carte sau atelier de practic\u0103 artistic\u0103, toate aceste manifest\u0103ri integreaz\u0103 deopotriv\u0103 crea\u021bii rom\u00e2ne\u0219ti tradi\u021bionale \u0219i moderne, cunoscute spectatorilor sau \u00een prim\u0103 audi\u021bie.<\/p>\n\n\n\n<p>Festivalul Muzicii Rom\u00e2ne\u0219ti r\u0103m\u00e2ne unul din evenimentele de marc\u0103 ale culturii muzicale ie\u0219ene, prin men\u021binerea unei stabilit\u0103\u021bi \u00een via\u021ba artistic\u0103 \u0219i prin crearea st\u0103rii de normalitate \u00een contextul unei lumi fr\u0103m\u00e2ntate, unde arti\u0219tii pot readuce culoare, expresie, tr\u0103ire \u0219i entuziasm!<\/p>\n\n\n\n<p>Informa\u021bii suplimetare pot fi accesate pe pagina festivalului:&nbsp;<a href=\"https:\/\/fmr.arteiasi.ro\/\">fmr.arteiasi.ro<\/a>&nbsp;sau pe&nbsp;<a href=\"https:\/\/www.facebook.com\/festivalulmuziciiromanesti\">facebook.com\/festivalulmuziciiromanesti<\/a>.<\/p>\n\n\n\n<p><strong>Organizatori:<\/strong><\/p>\n\n\n\n<p>Universitatea Na\u021bional\u0103 de Arte \u201eGeorge Enescu\u201d Ia\u0219i<\/p>\n\n\n\n<p>Prim\u0103ria Municipiului Ia\u0219i<\/p>\n\n\n\n<p><strong>Parteneri:<\/strong><\/p>\n\n\n\n<p>Teatrul Na\u021bional \u201eVasile Alecsandri\u201d Ia\u0219i<\/p>\n\n\n\n<p>Casa de Cultur\u0103 a Studen\u021bilor, Clubul de Muzic\u0103 \u201eRichard Oschanitzky\u201d<\/p>\n\n\n\n<p>Palatul Culturii Ia\u0219i<\/p>\n","protected":false},"excerpt":{"rendered":"<p>\u00cen cadrul Festivalului Muzicii Rom\u00e2ne\u0219ti, ajuns la cea de-a XXIV-a edi\u021bie, Universitatea Na\u021bional\u0103 de Arte \u201eGeorge Enescu\u201d propune o serie de manifest\u0103ri artistice a c\u0103ror diversitate contureaz\u0103 un evantai cultural deosebit de ofertant \u0219i captivant pentru publicul ie\u0219ean. Festivalul Muzicii Rom\u00e2ne\u0219ti \u2013 Sec\u021biunea Academic\u0103 este organizat \u00een perioada 15\u201320 octombrie 2022, \u00een parteneriat cu Prim\u0103ria [&hellip;]<\/p>\n","protected":false},"author":3,"featured_media":0,"parent":0,"menu_order":0,"comment_status":"closed","ping_status":"closed","template":"","meta":{"footnotes":""},"class_list":["post-735","page","type-page","status-publish","hentry"],"_links":{"self":[{"href":"https:\/\/fmr.arteiasi.ro\/index.php?rest_route=\/wp\/v2\/pages\/735","targetHints":{"allow":["GET"]}}],"collection":[{"href":"https:\/\/fmr.arteiasi.ro\/index.php?rest_route=\/wp\/v2\/pages"}],"about":[{"href":"https:\/\/fmr.arteiasi.ro\/index.php?rest_route=\/wp\/v2\/types\/page"}],"author":[{"embeddable":true,"href":"https:\/\/fmr.arteiasi.ro\/index.php?rest_route=\/wp\/v2\/users\/3"}],"replies":[{"embeddable":true,"href":"https:\/\/fmr.arteiasi.ro\/index.php?rest_route=%2Fwp%2Fv2%2Fcomments&post=735"}],"version-history":[{"count":2,"href":"https:\/\/fmr.arteiasi.ro\/index.php?rest_route=\/wp\/v2\/pages\/735\/revisions"}],"predecessor-version":[{"id":802,"href":"https:\/\/fmr.arteiasi.ro\/index.php?rest_route=\/wp\/v2\/pages\/735\/revisions\/802"}],"wp:attachment":[{"href":"https:\/\/fmr.arteiasi.ro\/index.php?rest_route=%2Fwp%2Fv2%2Fmedia&parent=735"}],"curies":[{"name":"wp","href":"https:\/\/api.w.org\/{rel}","templated":true}]}}