{"id":1082,"date":"2024-09-28T03:11:15","date_gmt":"2024-09-28T00:11:15","guid":{"rendered":"https:\/\/fmr.arteiasi.ro\/?page_id=1082"},"modified":"2024-10-12T14:40:10","modified_gmt":"2024-10-12T11:40:10","slug":"marti-15-octombrie-ora-19","status":"publish","type":"page","link":"https:\/\/fmr.arteiasi.ro\/?page_id=1082","title":{"rendered":"Mar\u021bi, 15 octombrie, ora 19"},"content":{"rendered":"\n<figure class=\"wp-block-image size-full\"><a href=\"https:\/\/fmr.arteiasi.ro\/wp-content\/uploads\/2024\/10\/15.10_ora-19.00_print.png\"><img loading=\"lazy\" decoding=\"async\" width=\"724\" height=\"1024\" src=\"https:\/\/fmr.arteiasi.ro\/wp-content\/uploads\/2024\/10\/15.10_ora-19.00_print.png\" alt=\"\" class=\"wp-image-1204\" srcset=\"https:\/\/fmr.arteiasi.ro\/wp-content\/uploads\/2024\/10\/15.10_ora-19.00_print.png 724w, https:\/\/fmr.arteiasi.ro\/wp-content\/uploads\/2024\/10\/15.10_ora-19.00_print-212x300.png 212w\" sizes=\"auto, (max-width: 724px) 100vw, 724px\" \/><\/a><\/figure>\n\n\n\n<p>Mar\u021bi, 15 octombrie, ora 19.00<\/p>\n\n\n\n<p>Sala \u201eEduard Caudella\u201d, Casa Bal\u0219<\/p>\n\n\n\n<p><strong><em>Portret componistic Liviu D\u0103nceanu<\/em><\/strong><\/p>\n\n\n\n<p>CONCERT DE MUZIC\u0102 CONTEMPORAN\u0102<\/p>\n\n\n\n<p><strong>Ansamblul <\/strong><strong><em>Archaeus<\/em><\/strong><strong><\/strong><\/p>\n\n\n\n<p>Membri:&nbsp; <strong>RODICA D\u0102NCEANU<\/strong>, pian<\/p>\n\n\n\n<p><strong>&nbsp;&nbsp;&nbsp;&nbsp;&nbsp;&nbsp;&nbsp;&nbsp;&nbsp;&nbsp;&nbsp;&nbsp;&nbsp;&nbsp;&nbsp; CRISTIAN BALA\u0218<\/strong>, vioar\u0103<strong><\/strong><\/p>\n\n\n\n<p><strong>&nbsp;&nbsp;&nbsp;&nbsp;&nbsp;&nbsp;&nbsp;&nbsp;&nbsp;&nbsp;&nbsp;&nbsp;&nbsp;&nbsp;&nbsp; ANA MARIA RADU<\/strong>, oboi<strong><\/strong><\/p>\n\n\n\n<p><strong>&nbsp;&nbsp;&nbsp;&nbsp;&nbsp;&nbsp;&nbsp;&nbsp;&nbsp;&nbsp;&nbsp;&nbsp;&nbsp;&nbsp;&nbsp; ION NEDELCIU<\/strong>, clarinet<strong><\/strong><\/p>\n\n\n\n<p><strong>&nbsp;&nbsp;&nbsp;&nbsp;&nbsp;&nbsp;&nbsp;&nbsp;&nbsp;&nbsp;&nbsp;&nbsp;&nbsp;&nbsp;&nbsp; \u0218ERBAN NOVAC<\/strong>, fagot<strong><\/strong><\/p>\n\n\n\n<p><strong>&nbsp;&nbsp;&nbsp;&nbsp;&nbsp;&nbsp;&nbsp;&nbsp;&nbsp;&nbsp;&nbsp;&nbsp;&nbsp;&nbsp;&nbsp; ANDREEA \u021aIMIRA\u0218<\/strong>, violoncel<strong><\/strong><\/p>\n\n\n\n<p><strong>&nbsp;&nbsp;&nbsp;&nbsp;&nbsp;&nbsp;&nbsp;&nbsp;&nbsp;&nbsp;&nbsp;&nbsp;&nbsp;&nbsp;&nbsp; ALEXANDRU MATEI<\/strong>, percu\u021bie<strong><\/strong><\/p>\n\n\n\n<p>Conducerea muzical\u0103: <strong>MIRCEA P\u0102DURARIU<\/strong><\/p>\n\n\n\n<p>Eveniment prefa\u021bat de: lect. univ. dr.<strong>MIHAELA BALAN<\/strong><\/p>\n\n\n\n<p>Program:<\/p>\n\n\n\n<p><em>Entrata<\/em>, op. 23<\/p>\n\n\n\n<p><em>Aliquote<\/em>, op. 63<\/p>\n\n\n\n<p><em>L&#8217;ab\u00eeme de Pascal<\/em>, op. 74<\/p>\n\n\n\n<p><em>Heptaih<\/em>, op. 123<\/p>\n\n\n\n<p><em>Exerci\u021bii de admira\u021bie<\/em>,&nbsp;op. 101<\/p>\n\n\n\n<p><em>Panta rei<\/em>, op. 82<\/p>\n\n\n\n<p><em>Beverdillini<\/em>, op. 84<\/p>\n\n\n\n<p><em>Tachycardie<\/em>, op. 81<\/p>\n","protected":false},"excerpt":{"rendered":"<p>Mar\u021bi, 15 octombrie, ora 19.00 Sala \u201eEduard Caudella\u201d, Casa Bal\u0219 Portret componistic Liviu D\u0103nceanu CONCERT DE MUZIC\u0102 CONTEMPORAN\u0102 Ansamblul Archaeus Membri:&nbsp; RODICA D\u0102NCEANU, pian &nbsp;&nbsp;&nbsp;&nbsp;&nbsp;&nbsp;&nbsp;&nbsp;&nbsp;&nbsp;&nbsp;&nbsp;&nbsp;&nbsp;&nbsp; CRISTIAN BALA\u0218, vioar\u0103 &nbsp;&nbsp;&nbsp;&nbsp;&nbsp;&nbsp;&nbsp;&nbsp;&nbsp;&nbsp;&nbsp;&nbsp;&nbsp;&nbsp;&nbsp; ANA MARIA RADU, oboi &nbsp;&nbsp;&nbsp;&nbsp;&nbsp;&nbsp;&nbsp;&nbsp;&nbsp;&nbsp;&nbsp;&nbsp;&nbsp;&nbsp;&nbsp; ION NEDELCIU, clarinet &nbsp;&nbsp;&nbsp;&nbsp;&nbsp;&nbsp;&nbsp;&nbsp;&nbsp;&nbsp;&nbsp;&nbsp;&nbsp;&nbsp;&nbsp; \u0218ERBAN NOVAC, fagot &nbsp;&nbsp;&nbsp;&nbsp;&nbsp;&nbsp;&nbsp;&nbsp;&nbsp;&nbsp;&nbsp;&nbsp;&nbsp;&nbsp;&nbsp; ANDREEA \u021aIMIRA\u0218, violoncel &nbsp;&nbsp;&nbsp;&nbsp;&nbsp;&nbsp;&nbsp;&nbsp;&nbsp;&nbsp;&nbsp;&nbsp;&nbsp;&nbsp;&nbsp; ALEXANDRU MATEI, percu\u021bie Conducerea muzical\u0103: MIRCEA P\u0102DURARIU Eveniment prefa\u021bat [&hellip;]<\/p>\n","protected":false},"author":3,"featured_media":0,"parent":0,"menu_order":0,"comment_status":"closed","ping_status":"closed","template":"","meta":{"footnotes":""},"class_list":["post-1082","page","type-page","status-publish","hentry"],"_links":{"self":[{"href":"https:\/\/fmr.arteiasi.ro\/index.php?rest_route=\/wp\/v2\/pages\/1082","targetHints":{"allow":["GET"]}}],"collection":[{"href":"https:\/\/fmr.arteiasi.ro\/index.php?rest_route=\/wp\/v2\/pages"}],"about":[{"href":"https:\/\/fmr.arteiasi.ro\/index.php?rest_route=\/wp\/v2\/types\/page"}],"author":[{"embeddable":true,"href":"https:\/\/fmr.arteiasi.ro\/index.php?rest_route=\/wp\/v2\/users\/3"}],"replies":[{"embeddable":true,"href":"https:\/\/fmr.arteiasi.ro\/index.php?rest_route=%2Fwp%2Fv2%2Fcomments&post=1082"}],"version-history":[{"count":2,"href":"https:\/\/fmr.arteiasi.ro\/index.php?rest_route=\/wp\/v2\/pages\/1082\/revisions"}],"predecessor-version":[{"id":1205,"href":"https:\/\/fmr.arteiasi.ro\/index.php?rest_route=\/wp\/v2\/pages\/1082\/revisions\/1205"}],"wp:attachment":[{"href":"https:\/\/fmr.arteiasi.ro\/index.php?rest_route=%2Fwp%2Fv2%2Fmedia&parent=1082"}],"curies":[{"name":"wp","href":"https:\/\/api.w.org\/{rel}","templated":true}]}}